{"version":"1.0","provider_name":"\u0160ilut\u0117s naujienos","provider_url":"https:\/\/www.silutesnaujienos.lt\/lt","author_name":"\u0160ilut\u0117s naujien\u0173 inf.","author_url":"https:\/\/www.silutesnaujienos.lt\/lt\/author\/ruta\/","title":"D\u0117l \u201eSeno Rambyno\u201c T.Bal\u010dytis ai\u0161kinosi komunist\u0173 partijai - \u0160ilut\u0117s naujienos","type":"rich","width":600,"height":338,"html":"<blockquote class=\"wp-embedded-content\" data-secret=\"z1oK0x6DS2\"><a href=\"https:\/\/www.silutesnaujienos.lt\/lt\/del-seno-rambyno-t-balcytis-aiskinosi-komunistu-partijai\/\">D\u0117l \u201eSeno Rambyno\u201c T.Bal\u010dytis ai\u0161kinosi komunist\u0173 partijai<\/a><\/blockquote><iframe sandbox=\"allow-scripts\" security=\"restricted\" src=\"https:\/\/www.silutesnaujienos.lt\/lt\/del-seno-rambyno-t-balcytis-aiskinosi-komunistu-partijai\/embed\/#?secret=z1oK0x6DS2\" width=\"600\" height=\"338\" title=\"&#8220;D\u0117l \u201eSeno Rambyno\u201c T.Bal\u010dytis ai\u0161kinosi komunist\u0173 partijai&#8221; &#8212; \u0160ilut\u0117s naujienos\" data-secret=\"z1oK0x6DS2\" frameborder=\"0\" marginwidth=\"0\" marginheight=\"0\" scrolling=\"no\" class=\"wp-embedded-content\"><\/iframe><script>\n\/*! This file is auto-generated *\/\n!function(d,l){\"use strict\";l.querySelector&&d.addEventListener&&\"undefined\"!=typeof URL&&(d.wp=d.wp||{},d.wp.receiveEmbedMessage||(d.wp.receiveEmbedMessage=function(e){var t=e.data;if((t||t.secret||t.message||t.value)&&!\/[^a-zA-Z0-9]\/.test(t.secret)){for(var s,r,n,a=l.querySelectorAll('iframe[data-secret=\"'+t.secret+'\"]'),o=l.querySelectorAll('blockquote[data-secret=\"'+t.secret+'\"]'),c=new RegExp(\"^https?:$\",\"i\"),i=0;i<o.length;i++)o[i].style.display=\"none\";for(i=0;i<a.length;i++)s=a[i],e.source===s.contentWindow&&(s.removeAttribute(\"style\"),\"height\"===t.message?(1e3<(r=parseInt(t.value,10))?r=1e3:~~r<200&&(r=200),s.height=r):\"link\"===t.message&&(r=new URL(s.getAttribute(\"src\")),n=new URL(t.value),c.test(n.protocol))&&n.host===r.host&&l.activeElement===s&&(d.top.location.href=t.value))}},d.addEventListener(\"message\",d.wp.receiveEmbedMessage,!1),l.addEventListener(\"DOMContentLoaded\",function(){for(var e,t,s=l.querySelectorAll(\"iframe.wp-embedded-content\"),r=0;r<s.length;r++)(t=(e=s[r]).getAttribute(\"data-secret\"))||(t=Math.random().toString(36).substring(2,12),e.src+=\"#?secret=\"+t,e.setAttribute(\"data-secret\",t)),e.contentWindow.postMessage({message:\"ready\",secret:t},\"*\")},!1)))}(window,document);\n\/\/# sourceURL=https:\/\/www.silutesnaujienos.lt\/lt\/wp-includes\/js\/wp-embed.min.js\n<\/script>\n","description":"Lygiai prie\u0161 502 m., vasario 22 d. Klaip\u0117dos miesto komt\u016bras Michaelis von \u0160vabas suteik\u0117 Jurgiui Talai\u010diui privilegij\u0105 \u201elaikyti \u0161ile kar\u010dem\u0105\u201c su laukais, mi\u0161kais, \u012fdirbtomis dirvomis ir su teise laisvai \u017evejoti Kur\u0161i\u0173 mariose. Taip ra\u0161ytiniuose \u0161altiniuose pirm\u0105 kart\u0105 buvo pamin\u0117tas \u0160ilokar\u010demos vardas. Prie\u0161 por\u0105 met\u0173, pasitinkant \u0160ilut\u0117s 500 met\u0173 jubiliej\u0173, \u0161i data pagerbta dain\u0173 apie \u0160ilut\u0119 [&hellip;]","thumbnail_url":"\/\/silutesnaujienos.lt\/images\/stories\/2013\/02\/22\/thumbnails\/thumb_Balcytis_su_Makacino_plokstele.jpg"}