{"version":"1.0","provider_name":"\u0160ilut\u0117s naujienos","provider_url":"https:\/\/www.silutesnaujienos.lt\/lt","author_name":"\u0160ilut\u0117s naujien\u0173 inf.","author_url":"https:\/\/www.silutesnaujienos.lt\/lt\/author\/ruta\/","title":"Dr\u0105siausio Lietuvos politinio - karinio \u017eygio \u012fam\u017einimas \u0160ilut\u0117je - \u0160ilut\u0117s naujienos","type":"rich","width":600,"height":338,"html":"<blockquote class=\"wp-embedded-content\" data-secret=\"ZIQ1k0oZ8G\"><a href=\"https:\/\/www.silutesnaujienos.lt\/lt\/drasiausio-lietuvos-politinio-karinio-zygio-iamzinimas-siluteje\/\">Dr\u0105siausio Lietuvos politinio &#8211;  karinio \u017eygio \u012fam\u017einimas \u0160ilut\u0117je<\/a><\/blockquote><iframe sandbox=\"allow-scripts\" security=\"restricted\" src=\"https:\/\/www.silutesnaujienos.lt\/lt\/drasiausio-lietuvos-politinio-karinio-zygio-iamzinimas-siluteje\/embed\/#?secret=ZIQ1k0oZ8G\" width=\"600\" height=\"338\" title=\"&#8220;Dr\u0105siausio Lietuvos politinio &#8211;  karinio \u017eygio \u012fam\u017einimas \u0160ilut\u0117je&#8221; &#8212; \u0160ilut\u0117s naujienos\" data-secret=\"ZIQ1k0oZ8G\" frameborder=\"0\" marginwidth=\"0\" marginheight=\"0\" scrolling=\"no\" class=\"wp-embedded-content\"><\/iframe><script>\n\/*! This file is auto-generated *\/\n!function(d,l){\"use strict\";l.querySelector&&d.addEventListener&&\"undefined\"!=typeof URL&&(d.wp=d.wp||{},d.wp.receiveEmbedMessage||(d.wp.receiveEmbedMessage=function(e){var t=e.data;if((t||t.secret||t.message||t.value)&&!\/[^a-zA-Z0-9]\/.test(t.secret)){for(var s,r,n,a=l.querySelectorAll('iframe[data-secret=\"'+t.secret+'\"]'),o=l.querySelectorAll('blockquote[data-secret=\"'+t.secret+'\"]'),c=new RegExp(\"^https?:$\",\"i\"),i=0;i<o.length;i++)o[i].style.display=\"none\";for(i=0;i<a.length;i++)s=a[i],e.source===s.contentWindow&&(s.removeAttribute(\"style\"),\"height\"===t.message?(1e3<(r=parseInt(t.value,10))?r=1e3:~~r<200&&(r=200),s.height=r):\"link\"===t.message&&(r=new URL(s.getAttribute(\"src\")),n=new URL(t.value),c.test(n.protocol))&&n.host===r.host&&l.activeElement===s&&(d.top.location.href=t.value))}},d.addEventListener(\"message\",d.wp.receiveEmbedMessage,!1),l.addEventListener(\"DOMContentLoaded\",function(){for(var e,t,s=l.querySelectorAll(\"iframe.wp-embedded-content\"),r=0;r<s.length;r++)(t=(e=s[r]).getAttribute(\"data-secret\"))||(t=Math.random().toString(36).substring(2,12),e.src+=\"#?secret=\"+t,e.setAttribute(\"data-secret\",t)),e.contentWindow.postMessage({message:\"ready\",secret:t},\"*\")},!1)))}(window,document);\n\/\/# sourceURL=https:\/\/www.silutesnaujienos.lt\/lt\/wp-includes\/js\/wp-embed.min.js\n<\/script>\n","description":"\u201ePrie\u0161 92 metus Lietuva j\u0117ga prisijung\u0117 Klaip\u0117dos kra\u0161t\u0105. \u012evyko vadinamasis Klaip\u0117dos sukilimas \u201e lig \u0161iol pati s\u0117kmingiausia, geriausiai suplanuota Lietuvos politik\u0173, diplomat\u0173, slapt\u0173j\u0173 tarnyb\u0173 ir kariuomen\u0117s operacija, kurios d\u0117ka valstyb\u0117 gavo uost\u0105, o per j\u012f &#8211; i\u0161\u0117jim\u0105 prie j\u016bros. Idealistinis patriotinis pakilimas \u201eatvaduoti lang\u0105 \u012f plat\u0173j\u012f pasaul\u012f\u201c ir s\u0117kmingai pasibaig\u0119s Klaip\u0117dos \u017eygis tvirtai \u012fsir\u0117\u017e\u0117 \u012f [&hellip;]","thumbnail_url":"\/\/silutesnaujienos.lt\/images\/stories\/2015\/SAUSIS\/13\/thumbnails\/thumb_sausio_sukilimas_Purvinai_Gedimino_Savickio_ELTA_nuotr.jpg"}