{"version":"1.0","provider_name":"\u0160ilut\u0117s naujienos","provider_url":"https:\/\/www.silutesnaujienos.lt\/lt","author_name":"\u0160ilut\u0117s naujien\u0173 inf.","author_url":"https:\/\/www.silutesnaujienos.lt\/lt\/author\/ruta\/","title":"Galite i\u0161sakykite savo problemas Seimo nariui A.Skard\u017eiui - \u0160ilut\u0117s naujienos","type":"rich","width":600,"height":338,"html":"<blockquote class=\"wp-embedded-content\" data-secret=\"LoOlsR1RyZ\"><a href=\"https:\/\/www.silutesnaujienos.lt\/lt\/galite-issakykite-savo-problemas-seimo-nariui-a-skardziui\/\">Galite i\u0161sakykite savo problemas Seimo nariui A.Skard\u017eiui<\/a><\/blockquote><iframe sandbox=\"allow-scripts\" security=\"restricted\" src=\"https:\/\/www.silutesnaujienos.lt\/lt\/galite-issakykite-savo-problemas-seimo-nariui-a-skardziui\/embed\/#?secret=LoOlsR1RyZ\" width=\"600\" height=\"338\" title=\"&#8220;Galite i\u0161sakykite savo problemas Seimo nariui A.Skard\u017eiui&#8221; &#8212; \u0160ilut\u0117s naujienos\" data-secret=\"LoOlsR1RyZ\" frameborder=\"0\" marginwidth=\"0\" marginheight=\"0\" scrolling=\"no\" class=\"wp-embedded-content\"><\/iframe><script>\n\/*! This file is auto-generated *\/\n!function(d,l){\"use strict\";l.querySelector&&d.addEventListener&&\"undefined\"!=typeof URL&&(d.wp=d.wp||{},d.wp.receiveEmbedMessage||(d.wp.receiveEmbedMessage=function(e){var t=e.data;if((t||t.secret||t.message||t.value)&&!\/[^a-zA-Z0-9]\/.test(t.secret)){for(var s,r,n,a=l.querySelectorAll('iframe[data-secret=\"'+t.secret+'\"]'),o=l.querySelectorAll('blockquote[data-secret=\"'+t.secret+'\"]'),c=new RegExp(\"^https?:$\",\"i\"),i=0;i<o.length;i++)o[i].style.display=\"none\";for(i=0;i<a.length;i++)s=a[i],e.source===s.contentWindow&&(s.removeAttribute(\"style\"),\"height\"===t.message?(1e3<(r=parseInt(t.value,10))?r=1e3:~~r<200&&(r=200),s.height=r):\"link\"===t.message&&(r=new URL(s.getAttribute(\"src\")),n=new URL(t.value),c.test(n.protocol))&&n.host===r.host&&l.activeElement===s&&(d.top.location.href=t.value))}},d.addEventListener(\"message\",d.wp.receiveEmbedMessage,!1),l.addEventListener(\"DOMContentLoaded\",function(){for(var e,t,s=l.querySelectorAll(\"iframe.wp-embedded-content\"),r=0;r<s.length;r++)(t=(e=s[r]).getAttribute(\"data-secret\"))||(t=Math.random().toString(36).substring(2,12),e.src+=\"#?secret=\"+t,e.setAttribute(\"data-secret\",t)),e.contentWindow.postMessage({message:\"ready\",secret:t},\"*\")},!1)))}(window,document);\n\/\/# sourceURL=https:\/\/www.silutesnaujienos.lt\/lt\/wp-includes\/js\/wp-embed.min.js\n<\/script>\n","description":"\u0160iandien \u0160ilut\u0117je dirbs Seimo narys Art\u016bras Skard\u017eius. Jis kvie\u010dia gyventojus \u012f asmeninius susitikimus savo b\u016bstin\u0117je ir vie\u0161\u0105 susitikim\u0105 su visuomene \u0160ilut\u0117s seni\u016bnijos sal\u0117je. Nuo 10 iki 13 val. gyventojai asmeni\u0161kai bus priimami Seimo nario b\u016bstin\u0117je, Lietuvinink\u0173 g. 8. Nuo 17 val. vyks susitikimas su gyventojais \u0160ilut\u0117s seni\u016bnijos sal\u0117je, Lietuvinink\u0173 g. 17.","thumbnail_url":"\/\/silutesnaujienos.lt\/images\/stories\/2013\/02\/19\/thumbnails\/thumb_SKARdZIAUS_foTO.jpg"}