{"version":"1.0","provider_name":"\u0160ilut\u0117s naujienos","provider_url":"https:\/\/www.silutesnaujienos.lt\/lt","author_name":"\u0160ilut\u0117s naujien\u0173 inf.","author_url":"https:\/\/www.silutesnaujienos.lt\/lt\/author\/ruta\/","title":"Kalb\u0117ti ir skaityti lietuvi\u0161kai - m\u016bs\u0173 indentiteto aprai\u0161ka - \u0160ilut\u0117s naujienos","type":"rich","width":600,"height":338,"html":"<blockquote class=\"wp-embedded-content\" data-secret=\"tCMQzSE5d2\"><a href=\"https:\/\/www.silutesnaujienos.lt\/lt\/kalbeti-ir-skaityti-lietuviskai-musu-indentiteto-apraiska\/\">Kalb\u0117ti ir skaityti lietuvi\u0161kai &#8211; m\u016bs\u0173 indentiteto aprai\u0161ka<\/a><\/blockquote><iframe sandbox=\"allow-scripts\" security=\"restricted\" src=\"https:\/\/www.silutesnaujienos.lt\/lt\/kalbeti-ir-skaityti-lietuviskai-musu-indentiteto-apraiska\/embed\/#?secret=tCMQzSE5d2\" width=\"600\" height=\"338\" title=\"&#8220;Kalb\u0117ti ir skaityti lietuvi\u0161kai &#8211; m\u016bs\u0173 indentiteto aprai\u0161ka&#8221; &#8212; \u0160ilut\u0117s naujienos\" data-secret=\"tCMQzSE5d2\" frameborder=\"0\" marginwidth=\"0\" marginheight=\"0\" scrolling=\"no\" class=\"wp-embedded-content\"><\/iframe><script>\n\/*! This file is auto-generated *\/\n!function(d,l){\"use strict\";l.querySelector&&d.addEventListener&&\"undefined\"!=typeof URL&&(d.wp=d.wp||{},d.wp.receiveEmbedMessage||(d.wp.receiveEmbedMessage=function(e){var t=e.data;if((t||t.secret||t.message||t.value)&&!\/[^a-zA-Z0-9]\/.test(t.secret)){for(var s,r,n,a=l.querySelectorAll('iframe[data-secret=\"'+t.secret+'\"]'),o=l.querySelectorAll('blockquote[data-secret=\"'+t.secret+'\"]'),c=new RegExp(\"^https?:$\",\"i\"),i=0;i<o.length;i++)o[i].style.display=\"none\";for(i=0;i<a.length;i++)s=a[i],e.source===s.contentWindow&&(s.removeAttribute(\"style\"),\"height\"===t.message?(1e3<(r=parseInt(t.value,10))?r=1e3:~~r<200&&(r=200),s.height=r):\"link\"===t.message&&(r=new URL(s.getAttribute(\"src\")),n=new URL(t.value),c.test(n.protocol))&&n.host===r.host&&l.activeElement===s&&(d.top.location.href=t.value))}},d.addEventListener(\"message\",d.wp.receiveEmbedMessage,!1),l.addEventListener(\"DOMContentLoaded\",function(){for(var e,t,s=l.querySelectorAll(\"iframe.wp-embedded-content\"),r=0;r<s.length;r++)(t=(e=s[r]).getAttribute(\"data-secret\"))||(t=Math.random().toString(36).substring(2,12),e.src+=\"#?secret=\"+t,e.setAttribute(\"data-secret\",t)),e.contentWindow.postMessage({message:\"ready\",secret:t},\"*\")},!1)))}(window,document);\n\/\/# sourceURL=https:\/\/www.silutesnaujienos.lt\/lt\/wp-includes\/js\/wp-embed.min.js\n<\/script>\n","description":"Knygne\u0161i\u0173 tema \u0161iandien n\u0117ra labai aktuali, ji liko tik istorinio laikotarpio faktu, ta\u010diau, matyt, nema\u017eos dalies tautie\u010di\u0173 pas\u0105mon\u0117je vistik u\u017eima aktyvi\u0105 pozicij\u0105.Per knygne\u0161io \u012fvaizd\u012f identifikuojame savo kult\u016brin\u012f i\u0161likim\u0105. Kova u\u017e lietuvi\u0161k\u0105 ra\u0161t\u0105, lietuvi\u0173 kalb\u0105 vyko ir vyksta nuolatos. Kalb\u0117ti lietuvi\u0161kai, m\u0105styti lietuvi\u0161kai yra svarbiausia m\u016bs\u0173 identiteto aprai\u0161ka.Kovas &#8211; pirmasis pavasario m\u0117nuo, ne tik skelbiantis gamtos [&hellip;]","thumbnail_url":"\/\/silutesnaujienos.lt\/images\/stories\/2017\/03\/21\/thumbnails\/thumb_knygnesiu_diena_sveksnoje_Tarvydas_salia_seniuno.jpg"}