{"version":"1.0","provider_name":"\u0160ilut\u0117s naujienos","provider_url":"https:\/\/www.silutesnaujienos.lt\/lt","author_name":"\u0160ilut\u0117s naujien\u0173 inf.","author_url":"https:\/\/www.silutesnaujienos.lt\/lt\/author\/vadas\/","title":"Lietuvoje \u012fvestas vasaros laikas - \u0160ilut\u0117s naujienos","type":"rich","width":600,"height":338,"html":"<blockquote class=\"wp-embedded-content\" data-secret=\"PM7OlGXjxd\"><a href=\"https:\/\/www.silutesnaujienos.lt\/lt\/lietuvoje-ivestas-vasaros-laikas\/\">Lietuvoje \u012fvestas vasaros laikas<\/a><\/blockquote><iframe sandbox=\"allow-scripts\" security=\"restricted\" src=\"https:\/\/www.silutesnaujienos.lt\/lt\/lietuvoje-ivestas-vasaros-laikas\/embed\/#?secret=PM7OlGXjxd\" width=\"600\" height=\"338\" title=\"&#8220;Lietuvoje \u012fvestas vasaros laikas&#8221; &#8212; \u0160ilut\u0117s naujienos\" data-secret=\"PM7OlGXjxd\" frameborder=\"0\" marginwidth=\"0\" marginheight=\"0\" scrolling=\"no\" class=\"wp-embedded-content\"><\/iframe><script>\n\/*! This file is auto-generated *\/\n!function(d,l){\"use strict\";l.querySelector&&d.addEventListener&&\"undefined\"!=typeof URL&&(d.wp=d.wp||{},d.wp.receiveEmbedMessage||(d.wp.receiveEmbedMessage=function(e){var t=e.data;if((t||t.secret||t.message||t.value)&&!\/[^a-zA-Z0-9]\/.test(t.secret)){for(var s,r,n,a=l.querySelectorAll('iframe[data-secret=\"'+t.secret+'\"]'),o=l.querySelectorAll('blockquote[data-secret=\"'+t.secret+'\"]'),c=new RegExp(\"^https?:$\",\"i\"),i=0;i<o.length;i++)o[i].style.display=\"none\";for(i=0;i<a.length;i++)s=a[i],e.source===s.contentWindow&&(s.removeAttribute(\"style\"),\"height\"===t.message?(1e3<(r=parseInt(t.value,10))?r=1e3:~~r<200&&(r=200),s.height=r):\"link\"===t.message&&(r=new URL(s.getAttribute(\"src\")),n=new URL(t.value),c.test(n.protocol))&&n.host===r.host&&l.activeElement===s&&(d.top.location.href=t.value))}},d.addEventListener(\"message\",d.wp.receiveEmbedMessage,!1),l.addEventListener(\"DOMContentLoaded\",function(){for(var e,t,s=l.querySelectorAll(\"iframe.wp-embedded-content\"),r=0;r<s.length;r++)(t=(e=s[r]).getAttribute(\"data-secret\"))||(t=Math.random().toString(36).substring(2,12),e.src+=\"#?secret=\"+t,e.setAttribute(\"data-secret\",t)),e.contentWindow.postMessage({message:\"ready\",secret:t},\"*\")},!1)))}(window,document);\n\/\/# sourceURL=https:\/\/www.silutesnaujienos.lt\/lt\/wp-includes\/js\/wp-embed.min.js\n<\/script>\n","thumbnail_url":"https:\/\/www.silutesnaujienos.lt\/lt\/wp-content\/uploads\/2023\/03\/laikrodzio-sukimas-2021.jpg","thumbnail_width":1366,"thumbnail_height":768,"description":"Tai rei\u0161kia, kad \u0161viesusis paros metas ryte prasideda v\u0117liau, o vakare trunka ilgiau. Vasaros laikas galios iki paskutinio spalio sekmadienio, kai laikrod\u017ei\u0173 rodykl\u0117s sukamos valanda atgal ir \u012fvedamas \u017eiemos laikas. Sukti laik\u0105 visose ES valstyb\u0117se nar\u0117se buvo nutarta dar 1980 m. Sprendimas buvo grind\u017eiamas es\u0105 tai pad\u0117s racionaliau i\u0161naudoti \u0161vies\u0173j\u012f paros met\u0105. Elta inf."}