{"version":"1.0","provider_name":"\u0160ilut\u0117s naujienos","provider_url":"https:\/\/www.silutesnaujienos.lt\/lt","author_name":"\u0160ilut\u0117s naujien\u0173 inf.","author_url":"https:\/\/www.silutesnaujienos.lt\/lt\/author\/ruta\/","title":"Lietuvos laisv\u0117 i\u0161pirkta jos vaik\u0173 gyvenimais - \u0160ilut\u0117s naujienos","type":"rich","width":600,"height":338,"html":"<blockquote class=\"wp-embedded-content\" data-secret=\"R7vOfmhwbQ\"><a href=\"https:\/\/www.silutesnaujienos.lt\/lt\/lietuvos-laisve-ispirkta-jos-vaiku-gyvenimais\/\">Lietuvos laisv\u0117 i\u0161pirkta jos vaik\u0173 gyvenimais<\/a><\/blockquote><iframe sandbox=\"allow-scripts\" security=\"restricted\" src=\"https:\/\/www.silutesnaujienos.lt\/lt\/lietuvos-laisve-ispirkta-jos-vaiku-gyvenimais\/embed\/#?secret=R7vOfmhwbQ\" width=\"600\" height=\"338\" title=\"&#8220;Lietuvos laisv\u0117 i\u0161pirkta jos vaik\u0173 gyvenimais&#8221; &#8212; \u0160ilut\u0117s naujienos\" data-secret=\"R7vOfmhwbQ\" frameborder=\"0\" marginwidth=\"0\" marginheight=\"0\" scrolling=\"no\" class=\"wp-embedded-content\"><\/iframe><script>\n\/*! This file is auto-generated *\/\n!function(d,l){\"use strict\";l.querySelector&&d.addEventListener&&\"undefined\"!=typeof URL&&(d.wp=d.wp||{},d.wp.receiveEmbedMessage||(d.wp.receiveEmbedMessage=function(e){var t=e.data;if((t||t.secret||t.message||t.value)&&!\/[^a-zA-Z0-9]\/.test(t.secret)){for(var s,r,n,a=l.querySelectorAll('iframe[data-secret=\"'+t.secret+'\"]'),o=l.querySelectorAll('blockquote[data-secret=\"'+t.secret+'\"]'),c=new RegExp(\"^https?:$\",\"i\"),i=0;i<o.length;i++)o[i].style.display=\"none\";for(i=0;i<a.length;i++)s=a[i],e.source===s.contentWindow&&(s.removeAttribute(\"style\"),\"height\"===t.message?(1e3<(r=parseInt(t.value,10))?r=1e3:~~r<200&&(r=200),s.height=r):\"link\"===t.message&&(r=new URL(s.getAttribute(\"src\")),n=new URL(t.value),c.test(n.protocol))&&n.host===r.host&&l.activeElement===s&&(d.top.location.href=t.value))}},d.addEventListener(\"message\",d.wp.receiveEmbedMessage,!1),l.addEventListener(\"DOMContentLoaded\",function(){for(var e,t,s=l.querySelectorAll(\"iframe.wp-embedded-content\"),r=0;r<s.length;r++)(t=(e=s[r]).getAttribute(\"data-secret\"))||(t=Math.random().toString(36).substring(2,12),e.src+=\"#?secret=\"+t,e.setAttribute(\"data-secret\",t)),e.contentWindow.postMessage({message:\"ready\",secret:t},\"*\")},!1)))}(window,document);\n\/\/# sourceURL=https:\/\/www.silutesnaujienos.lt\/lt\/wp-includes\/js\/wp-embed.min.js\n<\/script>\n","description":"1991-\u0173j\u0173 met\u0173 Sausio 13-osios aidas sekmadien\u012f stabtel\u0117jo \u0160ilut\u0117je, prie Kult\u016bros ir pramog\u0173 centro: kaip ir prie\u0161 22 metus, \u012f dang\u0173 kilo kaitri lau\u017eo liepsna, jaukiai \u0161ildydama kuo ar\u010diau j\u0105 norin\u010dius apsupti \u0161iluti\u0161kius, garavo \u010dia pat verdama sriuba, prie barikadas primenan\u010di\u0173 \u012ftvirtinim\u0173 rikiavosi m\u016bs\u0173 kariai, buv\u0119 tremtiniai, jaunimas, o autenti\u0161kuose kruvinosios nakties garso \u012fra\u0161uose gird\u0117josi beginkli\u0173 [&hellip;]","thumbnail_url":"\/\/silutesnaujienos.lt\/images\/stories\/2013\/01\/15\/thumbnails\/thumb_sausio_13_P1130073.jpg"}