{"version":"1.0","provider_name":"\u0160ilut\u0117s naujienos","provider_url":"https:\/\/www.silutesnaujienos.lt\/lt","author_name":"\u0160ilut\u0117s naujien\u0173 inf.","author_url":"https:\/\/www.silutesnaujienos.lt\/lt\/author\/vadas\/","title":"Ministras kvie\u010dia neb\u016bti abejingiems vaik\u0173 smurtui prie\u0161 vaikus - \u0160ilut\u0117s naujienos","type":"rich","width":600,"height":338,"html":"<blockquote class=\"wp-embedded-content\" data-secret=\"qNJumD3bUl\"><a href=\"https:\/\/www.silutesnaujienos.lt\/lt\/ministras-kviecia-nebuti-abejingiems-vaiku-smurtui-pries-vaikus\/\">Ministras kvie\u010dia neb\u016bti abejingiems vaik\u0173 smurtui prie\u0161 vaikus<\/a><\/blockquote><iframe sandbox=\"allow-scripts\" security=\"restricted\" src=\"https:\/\/www.silutesnaujienos.lt\/lt\/ministras-kviecia-nebuti-abejingiems-vaiku-smurtui-pries-vaikus\/embed\/#?secret=qNJumD3bUl\" width=\"600\" height=\"338\" title=\"&#8220;Ministras kvie\u010dia neb\u016bti abejingiems vaik\u0173 smurtui prie\u0161 vaikus&#8221; &#8212; \u0160ilut\u0117s naujienos\" data-secret=\"qNJumD3bUl\" frameborder=\"0\" marginwidth=\"0\" marginheight=\"0\" scrolling=\"no\" class=\"wp-embedded-content\"><\/iframe><script>\n\/*! This file is auto-generated *\/\n!function(d,l){\"use strict\";l.querySelector&&d.addEventListener&&\"undefined\"!=typeof URL&&(d.wp=d.wp||{},d.wp.receiveEmbedMessage||(d.wp.receiveEmbedMessage=function(e){var t=e.data;if((t||t.secret||t.message||t.value)&&!\/[^a-zA-Z0-9]\/.test(t.secret)){for(var s,r,n,a=l.querySelectorAll('iframe[data-secret=\"'+t.secret+'\"]'),o=l.querySelectorAll('blockquote[data-secret=\"'+t.secret+'\"]'),c=new RegExp(\"^https?:$\",\"i\"),i=0;i<o.length;i++)o[i].style.display=\"none\";for(i=0;i<a.length;i++)s=a[i],e.source===s.contentWindow&&(s.removeAttribute(\"style\"),\"height\"===t.message?(1e3<(r=parseInt(t.value,10))?r=1e3:~~r<200&&(r=200),s.height=r):\"link\"===t.message&&(r=new URL(s.getAttribute(\"src\")),n=new URL(t.value),c.test(n.protocol))&&n.host===r.host&&l.activeElement===s&&(d.top.location.href=t.value))}},d.addEventListener(\"message\",d.wp.receiveEmbedMessage,!1),l.addEventListener(\"DOMContentLoaded\",function(){for(var e,t,s=l.querySelectorAll(\"iframe.wp-embedded-content\"),r=0;r<s.length;r++)(t=(e=s[r]).getAttribute(\"data-secret\"))||(t=Math.random().toString(36).substring(2,12),e.src+=\"#?secret=\"+t,e.setAttribute(\"data-secret\",t)),e.contentWindow.postMessage({message:\"ready\",secret:t},\"*\")},!1)))}(window,document);\n\/\/# sourceURL=https:\/\/www.silutesnaujienos.lt\/lt\/wp-includes\/js\/wp-embed.min.js\n<\/script>\n","description":"Socialin\u0117s apsaugos ir darbo ministras Donatas Jankauskas, reaguodamas \u012f pastaruoju metu pada\u017en\u0117jusius vaik\u0173 smurto prie\u0161 vaikus atvejus, kreip\u0117si \u012f visuomen\u0119, vaiko teisi\u0173 apsaugos specialistus, \u0161vietimo organizacijas, mokini\u0173 t\u0117vus, jaunim\u0105 ir kvie\u010dia visus, kuriems r\u016bpi vaik\u0173 gerov\u0117, nelikti abejingus pastaruoju metu kylant vaik\u0173 smurto prie\u0161 vaikus atvejams. \u201eEsu sukr\u0117stas pastaruoju metu pada\u017en\u0117jusi\u0173 vaik\u0173 smurto prie\u0161 vaikus [&hellip;]","thumbnail_url":"\/\/silutesnaujienos.lt\/images\/stories\/2012\/03\/13\/thumbnails\/thumb_child_violence.jpg"}