{"version":"1.0","provider_name":"\u0160ilut\u0117s naujienos","provider_url":"https:\/\/www.silutesnaujienos.lt\/lt","author_name":"\u0160ilut\u0117s naujien\u0173 inf.","author_url":"https:\/\/www.silutesnaujienos.lt\/lt\/author\/vadas\/","title":"Pirmojoje gimnazijoje \u2013 mokini\u0173 mu\u0161tyn\u0117s, vienam prireik\u0117 medik\u0173 - \u0160ilut\u0117s naujienos","type":"rich","width":600,"height":338,"html":"<blockquote class=\"wp-embedded-content\" data-secret=\"2vsggOPZgz\"><a href=\"https:\/\/www.silutesnaujienos.lt\/lt\/pirmojoje-gimnazijoje-mokiniu-mustynes-vienam-prireike-mediku\/\">Pirmojoje gimnazijoje \u2013 mokini\u0173 mu\u0161tyn\u0117s, vienam prireik\u0117 medik\u0173<\/a><\/blockquote><iframe sandbox=\"allow-scripts\" security=\"restricted\" src=\"https:\/\/www.silutesnaujienos.lt\/lt\/pirmojoje-gimnazijoje-mokiniu-mustynes-vienam-prireike-mediku\/embed\/#?secret=2vsggOPZgz\" width=\"600\" height=\"338\" title=\"&#8220;Pirmojoje gimnazijoje \u2013 mokini\u0173 mu\u0161tyn\u0117s, vienam prireik\u0117 medik\u0173&#8221; &#8212; \u0160ilut\u0117s naujienos\" data-secret=\"2vsggOPZgz\" frameborder=\"0\" marginwidth=\"0\" marginheight=\"0\" scrolling=\"no\" class=\"wp-embedded-content\"><\/iframe><script>\n\/*! This file is auto-generated *\/\n!function(d,l){\"use strict\";l.querySelector&&d.addEventListener&&\"undefined\"!=typeof URL&&(d.wp=d.wp||{},d.wp.receiveEmbedMessage||(d.wp.receiveEmbedMessage=function(e){var t=e.data;if((t||t.secret||t.message||t.value)&&!\/[^a-zA-Z0-9]\/.test(t.secret)){for(var s,r,n,a=l.querySelectorAll('iframe[data-secret=\"'+t.secret+'\"]'),o=l.querySelectorAll('blockquote[data-secret=\"'+t.secret+'\"]'),c=new RegExp(\"^https?:$\",\"i\"),i=0;i<o.length;i++)o[i].style.display=\"none\";for(i=0;i<a.length;i++)s=a[i],e.source===s.contentWindow&&(s.removeAttribute(\"style\"),\"height\"===t.message?(1e3<(r=parseInt(t.value,10))?r=1e3:~~r<200&&(r=200),s.height=r):\"link\"===t.message&&(r=new URL(s.getAttribute(\"src\")),n=new URL(t.value),c.test(n.protocol))&&n.host===r.host&&l.activeElement===s&&(d.top.location.href=t.value))}},d.addEventListener(\"message\",d.wp.receiveEmbedMessage,!1),l.addEventListener(\"DOMContentLoaded\",function(){for(var e,t,s=l.querySelectorAll(\"iframe.wp-embedded-content\"),r=0;r<s.length;r++)(t=(e=s[r]).getAttribute(\"data-secret\"))||(t=Math.random().toString(36).substring(2,12),e.src+=\"#?secret=\"+t,e.setAttribute(\"data-secret\",t)),e.contentWindow.postMessage({message:\"ready\",secret:t},\"*\")},!1)))}(window,document);\n\/\/# sourceURL=https:\/\/www.silutesnaujienos.lt\/lt\/wp-includes\/js\/wp-embed.min.js\n<\/script>\n","thumbnail_url":"https:\/\/www.silutesnaujienos.lt\/lt\/wp-content\/uploads\/2023\/10\/Policijos-pareigunas-scaled.jpg","thumbnail_width":2560,"thumbnail_height":1707,"description":"Rimtas gimnazist\u0173 konfliktas kilo antradienio vidurdien\u012f. Dviej\u0173 gimnazist\u0173 \u2013 19 ir 15 met\u0173 vaikin\u0173 \u2013 mu\u0161tyn\u0117s \u012fsipliesk\u0117 gimnazijos koridoriuje. Devyniolikmetis taip sumu\u0161\u0117 penkiolikmet\u012f, kad \u0161iam teko kviesti Greit\u0105j\u0105 pagalb\u0105, jis buvo i\u0161ve\u017etas \u012f ligonin\u0119. Apie \u012fvyk\u012f prane\u0161ta policijai, jo aplinkybes ai\u0161kinasi pareig\u016bnai, prad\u0117tas ikiteisminis tyrimas d\u0117l nesunkaus sveikatos sutrikdymo. Tam, kas nesunkiai su\u017ealojo \u017emog\u0173, gresia [&hellip;]"}