{"version":"1.0","provider_name":"\u0160ilut\u0117s naujienos","provider_url":"https:\/\/www.silutesnaujienos.lt\/lt","author_name":"\u0160ilut\u0117s naujien\u0173 inf.","author_url":"https:\/\/www.silutesnaujienos.lt\/lt\/author\/ruta\/","title":"Politikai nori atsikratyti \u0160v\u0117k\u0161nos specialiosios mokyklos - \u0160ilut\u0117s naujienos","type":"rich","width":600,"height":338,"html":"<blockquote class=\"wp-embedded-content\" data-secret=\"ZMxLmwI0YH\"><a href=\"https:\/\/www.silutesnaujienos.lt\/lt\/politikai-nori-atsikratyti-sveksnos-specialiosios-mokyklos\/\">Politikai nori atsikratyti \u0160v\u0117k\u0161nos specialiosios mokyklos<\/a><\/blockquote><iframe sandbox=\"allow-scripts\" security=\"restricted\" src=\"https:\/\/www.silutesnaujienos.lt\/lt\/politikai-nori-atsikratyti-sveksnos-specialiosios-mokyklos\/embed\/#?secret=ZMxLmwI0YH\" width=\"600\" height=\"338\" title=\"&#8220;Politikai nori atsikratyti \u0160v\u0117k\u0161nos specialiosios mokyklos&#8221; &#8212; \u0160ilut\u0117s naujienos\" data-secret=\"ZMxLmwI0YH\" frameborder=\"0\" marginwidth=\"0\" marginheight=\"0\" scrolling=\"no\" class=\"wp-embedded-content\"><\/iframe><script>\n\/*! This file is auto-generated *\/\n!function(d,l){\"use strict\";l.querySelector&&d.addEventListener&&\"undefined\"!=typeof URL&&(d.wp=d.wp||{},d.wp.receiveEmbedMessage||(d.wp.receiveEmbedMessage=function(e){var t=e.data;if((t||t.secret||t.message||t.value)&&!\/[^a-zA-Z0-9]\/.test(t.secret)){for(var s,r,n,a=l.querySelectorAll('iframe[data-secret=\"'+t.secret+'\"]'),o=l.querySelectorAll('blockquote[data-secret=\"'+t.secret+'\"]'),c=new RegExp(\"^https?:$\",\"i\"),i=0;i<o.length;i++)o[i].style.display=\"none\";for(i=0;i<a.length;i++)s=a[i],e.source===s.contentWindow&&(s.removeAttribute(\"style\"),\"height\"===t.message?(1e3<(r=parseInt(t.value,10))?r=1e3:~~r<200&&(r=200),s.height=r):\"link\"===t.message&&(r=new URL(s.getAttribute(\"src\")),n=new URL(t.value),c.test(n.protocol))&&n.host===r.host&&l.activeElement===s&&(d.top.location.href=t.value))}},d.addEventListener(\"message\",d.wp.receiveEmbedMessage,!1),l.addEventListener(\"DOMContentLoaded\",function(){for(var e,t,s=l.querySelectorAll(\"iframe.wp-embedded-content\"),r=0;r<s.length;r++)(t=(e=s[r]).getAttribute(\"data-secret\"))||(t=Math.random().toString(36).substring(2,12),e.src+=\"#?secret=\"+t,e.setAttribute(\"data-secret\",t)),e.contentWindow.postMessage({message:\"ready\",secret:t},\"*\")},!1)))}(window,document);\n\/\/# sourceURL=https:\/\/www.silutesnaujienos.lt\/lt\/wp-includes\/js\/wp-embed.min.js\n<\/script>\n","description":"Devyni rajono politikai pasira\u0161\u0117 kreipim\u0105si \u012f LR \u0160vietimo ir mokslo ministerij\u0105 &#8222;D\u0117l \u0160v\u0117k\u0161nos specialiosios mokyklos per\u0117mimo&#8221;. Rajono Taryboje kreipimosi ra\u0161t\u0105 perskait\u0119s mer\u0117s pavaduotojas \u0160ar\u016bnas Lau\u017eikas bei \u0160vietimo skyriaus ved\u0117ja Birut\u0117 Tekorien\u0117 kalb\u0117jo, jog skai\u010diuojant kit\u0173 met\u0173 biud\u017eet\u0105 \u0160v\u0117k\u0161nos specialiosios mokyklos reikm\u0117ms tr\u016bksta apie 0,5 mln. Lt. \u0160ioje mokykloje ugdosi vaikai su dideliais specialiaisiais ugdymosi poreikiais, [&hellip;]","thumbnail_url":"\/\/silutesnaujienos.lt\/images\/stories\/2012\/12\/11\/thumbnails\/thumb_SveksnosSanatorineMokykla.jpg"}