{"version":"1.0","provider_name":"\u0160ilut\u0117s naujienos","provider_url":"https:\/\/www.silutesnaujienos.lt\/lt","author_name":"\u0160ilut\u0117s naujien\u0173 inf.","author_url":"https:\/\/www.silutesnaujienos.lt\/lt\/author\/ruta\/","title":"R.\u017demaitaitis tapo Seimo Ekonomikos komiteto nariu - \u0160ilut\u0117s naujienos","type":"rich","width":600,"height":338,"html":"<blockquote class=\"wp-embedded-content\" data-secret=\"5E77HpJEzC\"><a href=\"https:\/\/www.silutesnaujienos.lt\/lt\/r-zemaitaitis-tapo-seimo-ekonomikos-komiteto-nariu\/\">R.\u017demaitaitis tapo Seimo Ekonomikos komiteto nariu<\/a><\/blockquote><iframe sandbox=\"allow-scripts\" security=\"restricted\" src=\"https:\/\/www.silutesnaujienos.lt\/lt\/r-zemaitaitis-tapo-seimo-ekonomikos-komiteto-nariu\/embed\/#?secret=5E77HpJEzC\" width=\"600\" height=\"338\" title=\"&#8220;R.\u017demaitaitis tapo Seimo Ekonomikos komiteto nariu&#8221; &#8212; \u0160ilut\u0117s naujienos\" data-secret=\"5E77HpJEzC\" frameborder=\"0\" marginwidth=\"0\" marginheight=\"0\" scrolling=\"no\" class=\"wp-embedded-content\"><\/iframe><script>\n\/*! This file is auto-generated *\/\n!function(d,l){\"use strict\";l.querySelector&&d.addEventListener&&\"undefined\"!=typeof URL&&(d.wp=d.wp||{},d.wp.receiveEmbedMessage||(d.wp.receiveEmbedMessage=function(e){var t=e.data;if((t||t.secret||t.message||t.value)&&!\/[^a-zA-Z0-9]\/.test(t.secret)){for(var s,r,n,a=l.querySelectorAll('iframe[data-secret=\"'+t.secret+'\"]'),o=l.querySelectorAll('blockquote[data-secret=\"'+t.secret+'\"]'),c=new RegExp(\"^https?:$\",\"i\"),i=0;i<o.length;i++)o[i].style.display=\"none\";for(i=0;i<a.length;i++)s=a[i],e.source===s.contentWindow&&(s.removeAttribute(\"style\"),\"height\"===t.message?(1e3<(r=parseInt(t.value,10))?r=1e3:~~r<200&&(r=200),s.height=r):\"link\"===t.message&&(r=new URL(s.getAttribute(\"src\")),n=new URL(t.value),c.test(n.protocol))&&n.host===r.host&&l.activeElement===s&&(d.top.location.href=t.value))}},d.addEventListener(\"message\",d.wp.receiveEmbedMessage,!1),l.addEventListener(\"DOMContentLoaded\",function(){for(var e,t,s=l.querySelectorAll(\"iframe.wp-embedded-content\"),r=0;r<s.length;r++)(t=(e=s[r]).getAttribute(\"data-secret\"))||(t=Math.random().toString(36).substring(2,12),e.src+=\"#?secret=\"+t,e.setAttribute(\"data-secret\",t)),e.contentWindow.postMessage({message:\"ready\",secret:t},\"*\")},!1)))}(window,document);\n\/\/# sourceURL=https:\/\/www.silutesnaujienos.lt\/lt\/wp-includes\/js\/wp-embed.min.js\n<\/script>\n","description":"\u201eTvarkietis\u201c, buv\u0119s kandidatas \u012f vidaus reikal\u0173 ministrus Remigijus \u017demaitaitis paskirtas \u012f Seimo Ekonomikos komitet\u0105, prane\u0161a portalas DELFI. Tok\u012f sprendim\u0105 Seimas pri\u0117m\u0117 po to, kai netik\u0117tai mir\u0117 parlamentaras Julius Veselka, kuriam buvo numatytas Ekonomikos komiteto pirmininko post\u0105. \u0160i\u0105 k\u0117d\u0119 vietoj ministro pareig\u0173 tur\u0117t\u0173 u\u017eimti R. \u017demaitaitis. U\u017e tok\u012f Seimo sprendim\u0105 balsavo 78 Seimo nariai, prie\u0161 \u2013 [&hellip;]","thumbnail_url":"\/\/silutesnaujienos.lt\/images\/stories\/2012\/11\/29\/thumbnails\/thumb_remigijus94maza.jpg"}