{"version":"1.0","provider_name":"\u0160ilut\u0117s naujienos","provider_url":"https:\/\/www.silutesnaujienos.lt\/lt","author_name":"\u0160ilut\u0117s naujien\u0173 inf.","author_url":"https:\/\/www.silutesnaujienos.lt\/lt\/author\/ruta\/","title":"\u0160ilut\u0117 ruo\u0161iasi \u017demai\u010di\u0173 krik\u0161to jubiliejui ir Tik\u0117jimo metams - \u0160ilut\u0117s naujienos","type":"rich","width":600,"height":338,"html":"<blockquote class=\"wp-embedded-content\" data-secret=\"ksulhQ0KnE\"><a href=\"https:\/\/www.silutesnaujienos.lt\/lt\/silute-ruosiasi-zemaiciu-kriksto-jubiliejui-ir-tikejimo-metams\/\">\u0160ilut\u0117 ruo\u0161iasi \u017demai\u010di\u0173 krik\u0161to jubiliejui ir Tik\u0117jimo metams<\/a><\/blockquote><iframe sandbox=\"allow-scripts\" security=\"restricted\" src=\"https:\/\/www.silutesnaujienos.lt\/lt\/silute-ruosiasi-zemaiciu-kriksto-jubiliejui-ir-tikejimo-metams\/embed\/#?secret=ksulhQ0KnE\" width=\"600\" height=\"338\" title=\"&#8220;\u0160ilut\u0117 ruo\u0161iasi \u017demai\u010di\u0173 krik\u0161to jubiliejui ir Tik\u0117jimo metams&#8221; &#8212; \u0160ilut\u0117s naujienos\" data-secret=\"ksulhQ0KnE\" frameborder=\"0\" marginwidth=\"0\" marginheight=\"0\" scrolling=\"no\" class=\"wp-embedded-content\"><\/iframe><script>\n\/*! This file is auto-generated *\/\n!function(d,l){\"use strict\";l.querySelector&&d.addEventListener&&\"undefined\"!=typeof URL&&(d.wp=d.wp||{},d.wp.receiveEmbedMessage||(d.wp.receiveEmbedMessage=function(e){var t=e.data;if((t||t.secret||t.message||t.value)&&!\/[^a-zA-Z0-9]\/.test(t.secret)){for(var s,r,n,a=l.querySelectorAll('iframe[data-secret=\"'+t.secret+'\"]'),o=l.querySelectorAll('blockquote[data-secret=\"'+t.secret+'\"]'),c=new RegExp(\"^https?:$\",\"i\"),i=0;i<o.length;i++)o[i].style.display=\"none\";for(i=0;i<a.length;i++)s=a[i],e.source===s.contentWindow&&(s.removeAttribute(\"style\"),\"height\"===t.message?(1e3<(r=parseInt(t.value,10))?r=1e3:~~r<200&&(r=200),s.height=r):\"link\"===t.message&&(r=new URL(s.getAttribute(\"src\")),n=new URL(t.value),c.test(n.protocol))&&n.host===r.host&&l.activeElement===s&&(d.top.location.href=t.value))}},d.addEventListener(\"message\",d.wp.receiveEmbedMessage,!1),l.addEventListener(\"DOMContentLoaded\",function(){for(var e,t,s=l.querySelectorAll(\"iframe.wp-embedded-content\"),r=0;r<s.length;r++)(t=(e=s[r]).getAttribute(\"data-secret\"))||(t=Math.random().toString(36).substring(2,12),e.src+=\"#?secret=\"+t,e.setAttribute(\"data-secret\",t)),e.contentWindow.postMessage({message:\"ready\",secret:t},\"*\")},!1)))}(window,document);\n\/\/# sourceURL=https:\/\/www.silutesnaujienos.lt\/lt\/wp-includes\/js\/wp-embed.min.js\n<\/script>\n","description":"Ateinan\u010diais metais visa katalik\u0173 bendruomen\u0117 min\u0117s \u017demai\u010di\u0173 krik\u0161to 600 met\u0173 jubiliej\u0173, be to, 2013-ieji paskelbti Tik\u0117jimo metais. \u0160ioms datoms bus skirta nema\u017eai rengini\u0173, prisid\u0117ti juos organizuojant pakviestos ir rajon\u0173 savivaldyb\u0117s. Koks gal\u0117t\u0173 b\u016bti m\u016bs\u0173 rajono savivaldyb\u0117s ind\u0117lis ir kokios paramos reik\u0117t\u0173 m\u016bs\u0173 dvasi\u0161kiams? Pasitarti apie tai panorusi rajono mer\u0117 Daiva \u017debelien\u0117 penktadien\u012f sukviet\u0117 kataliki\u0161k\u0173 parapij\u0173 [&hellip;]","thumbnail_url":"\/\/silutesnaujienos.lt\/images\/stories\/2012\/12\/11\/thumbnails\/thumb_kunigai_pas_mere.jpg"}