{"version":"1.0","provider_name":"\u0160ilut\u0117s naujienos","provider_url":"https:\/\/www.silutesnaujienos.lt\/lt","author_name":"\u0160ilut\u0117s naujien\u0173 inf.","author_url":"https:\/\/www.silutesnaujienos.lt\/lt\/author\/vadas\/","title":"\u0160ilut\u0117s gimnazisto u\u017efiksuota skydblak\u0117 - parodoje \"\u017dem\u0117s spalvos\" - \u0160ilut\u0117s naujienos","type":"rich","width":600,"height":338,"html":"<blockquote class=\"wp-embedded-content\" data-secret=\"FwvxJs2RW4\"><a href=\"https:\/\/www.silutesnaujienos.lt\/lt\/silutes-gimnazisto-uzfiksuota-skydblake-parodoje-zemes-spalvos\/\">\u0160ilut\u0117s gimnazisto u\u017efiksuota skydblak\u0117 &#8211; parodoje &#8222;\u017dem\u0117s spalvos&#8221;<\/a><\/blockquote><iframe sandbox=\"allow-scripts\" security=\"restricted\" src=\"https:\/\/www.silutesnaujienos.lt\/lt\/silutes-gimnazisto-uzfiksuota-skydblake-parodoje-zemes-spalvos\/embed\/#?secret=FwvxJs2RW4\" width=\"600\" height=\"338\" title=\"&#8220;\u0160ilut\u0117s gimnazisto u\u017efiksuota skydblak\u0117 &#8211; parodoje &#8222;\u017dem\u0117s spalvos&#8221;&#8221; &#8212; \u0160ilut\u0117s naujienos\" data-secret=\"FwvxJs2RW4\" frameborder=\"0\" marginwidth=\"0\" marginheight=\"0\" scrolling=\"no\" class=\"wp-embedded-content\"><\/iframe><script>\n\/*! This file is auto-generated *\/\n!function(d,l){\"use strict\";l.querySelector&&d.addEventListener&&\"undefined\"!=typeof URL&&(d.wp=d.wp||{},d.wp.receiveEmbedMessage||(d.wp.receiveEmbedMessage=function(e){var t=e.data;if((t||t.secret||t.message||t.value)&&!\/[^a-zA-Z0-9]\/.test(t.secret)){for(var s,r,n,a=l.querySelectorAll('iframe[data-secret=\"'+t.secret+'\"]'),o=l.querySelectorAll('blockquote[data-secret=\"'+t.secret+'\"]'),c=new RegExp(\"^https?:$\",\"i\"),i=0;i<o.length;i++)o[i].style.display=\"none\";for(i=0;i<a.length;i++)s=a[i],e.source===s.contentWindow&&(s.removeAttribute(\"style\"),\"height\"===t.message?(1e3<(r=parseInt(t.value,10))?r=1e3:~~r<200&&(r=200),s.height=r):\"link\"===t.message&&(r=new URL(s.getAttribute(\"src\")),n=new URL(t.value),c.test(n.protocol))&&n.host===r.host&&l.activeElement===s&&(d.top.location.href=t.value))}},d.addEventListener(\"message\",d.wp.receiveEmbedMessage,!1),l.addEventListener(\"DOMContentLoaded\",function(){for(var e,t,s=l.querySelectorAll(\"iframe.wp-embedded-content\"),r=0;r<s.length;r++)(t=(e=s[r]).getAttribute(\"data-secret\"))||(t=Math.random().toString(36).substring(2,12),e.src+=\"#?secret=\"+t,e.setAttribute(\"data-secret\",t)),e.contentWindow.postMessage({message:\"ready\",secret:t},\"*\")},!1)))}(window,document);\n\/\/# sourceURL=https:\/\/www.silutesnaujienos.lt\/lt\/wp-includes\/js\/wp-embed.min.js\n<\/script>\n","description":"\u0160ilut\u0117s Vyd\u016bno gimnazijos 3g klas\u0117s gimnazistas Oskaras Venckus dalyvavo \u0161alies vaik\u0173 ir jaunimo fotografijos parodoje \u201e\u017dem\u0117s spalvos\u201c, skirtoje tarptautinei akcijai \u201eI\u0161valykime pasaul\u012f\u201c. \u0160iemet \u0161iai parodai 252 autoriai pateik\u0117 per 1000 darb\u0173. Grup\u0117je nuo 16 iki 19 met\u0173 Lietuvos Respublikos \u0161vietimo ir mokslo ministerijos III laipsnio diplomu, leidyklos \u201e\u0160viesa\u201c, Gamtos fotograf\u0173 klubo \u201e\u017daliasis sk\u0117tis\u201c dovanomis O.Venckus [&hellip;]","thumbnail_url":"\/\/silutesnaujienos.lt\/images\/stories\/2012\/11\/23\/thumbnails\/thumb_Silutes_Vyduno_gimn_Oskaras.jpg"}