{"version":"1.0","provider_name":"\u0160ilut\u0117s naujienos","provider_url":"https:\/\/www.silutesnaujienos.lt\/lt","author_name":"\u0160ilut\u0117s naujien\u0173 inf.","author_url":"https:\/\/www.silutesnaujienos.lt\/lt\/author\/ruta\/","title":"\u0160ilut\u0117s mi\u0161kininkai pamin\u0117jo profesin\u0119 \u0161vent\u0119 - \u0160ilut\u0117s naujienos","type":"rich","width":600,"height":338,"html":"<blockquote class=\"wp-embedded-content\" data-secret=\"KIwei6weE9\"><a href=\"https:\/\/www.silutesnaujienos.lt\/lt\/silutes-miskininkai-paminejo-profesine-svente\/\">\u0160ilut\u0117s mi\u0161kininkai pamin\u0117jo profesin\u0119 \u0161vent\u0119<\/a><\/blockquote><iframe sandbox=\"allow-scripts\" security=\"restricted\" src=\"https:\/\/www.silutesnaujienos.lt\/lt\/silutes-miskininkai-paminejo-profesine-svente\/embed\/#?secret=KIwei6weE9\" width=\"600\" height=\"338\" title=\"&#8220;\u0160ilut\u0117s mi\u0161kininkai pamin\u0117jo profesin\u0119 \u0161vent\u0119&#8221; &#8212; \u0160ilut\u0117s naujienos\" data-secret=\"KIwei6weE9\" frameborder=\"0\" marginwidth=\"0\" marginheight=\"0\" scrolling=\"no\" class=\"wp-embedded-content\"><\/iframe><script>\n\/*! This file is auto-generated *\/\n!function(d,l){\"use strict\";l.querySelector&&d.addEventListener&&\"undefined\"!=typeof URL&&(d.wp=d.wp||{},d.wp.receiveEmbedMessage||(d.wp.receiveEmbedMessage=function(e){var t=e.data;if((t||t.secret||t.message||t.value)&&!\/[^a-zA-Z0-9]\/.test(t.secret)){for(var s,r,n,a=l.querySelectorAll('iframe[data-secret=\"'+t.secret+'\"]'),o=l.querySelectorAll('blockquote[data-secret=\"'+t.secret+'\"]'),c=new RegExp(\"^https?:$\",\"i\"),i=0;i<o.length;i++)o[i].style.display=\"none\";for(i=0;i<a.length;i++)s=a[i],e.source===s.contentWindow&&(s.removeAttribute(\"style\"),\"height\"===t.message?(1e3<(r=parseInt(t.value,10))?r=1e3:~~r<200&&(r=200),s.height=r):\"link\"===t.message&&(r=new URL(s.getAttribute(\"src\")),n=new URL(t.value),c.test(n.protocol))&&n.host===r.host&&l.activeElement===s&&(d.top.location.href=t.value))}},d.addEventListener(\"message\",d.wp.receiveEmbedMessage,!1),l.addEventListener(\"DOMContentLoaded\",function(){for(var e,t,s=l.querySelectorAll(\"iframe.wp-embedded-content\"),r=0;r<s.length;r++)(t=(e=s[r]).getAttribute(\"data-secret\"))||(t=Math.random().toString(36).substring(2,12),e.src+=\"#?secret=\"+t,e.setAttribute(\"data-secret\",t)),e.contentWindow.postMessage({message:\"ready\",secret:t},\"*\")},!1)))}(window,document);\n\/\/# sourceURL=https:\/\/www.silutesnaujienos.lt\/lt\/wp-includes\/js\/wp-embed.min.js\n<\/script>\n","description":"&nbsp;Antradien\u012f \u0160ilut\u0117s mi\u0161k\u0173 ur\u0117dijos kolektyvas tradici\u0161kai min\u0117jo profesin\u0119 \u0161vent\u0119.Ur\u0117das Vaidas Bendaravi\u010dius kviet\u0117 puosel\u0117ti ir auginti mi\u0161kus, matyti savo veikloje prasm\u0119, link\u0117jo, kad \u017eingsnius lyd\u0117t\u0173 \u0161viesios mintys, santarv\u0117 ir gera sveikata.\u0160ilal\u0117s rajono savivaldyb\u0117s meras Jonas Gudauskas ir mero pavaduotojas Valdemaras Jasevi\u010dius, \u0160ilut\u0117s rajono savivaldyb\u0117s meras Vytautas Laurinaitis, Seimo vicepirmininkas K\u0119stas Komskis, Seimo narys Remigijus \u017demaitaitis pasveikino [&hellip;]","thumbnail_url":"\/\/silutesnaujienos.lt\/images\/stories\/2015\/SPALIS\/02\/thumbnails\/thumb_miskininkai.jpg"}