{"version":"1.0","provider_name":"\u0160ilut\u0117s naujienos","provider_url":"https:\/\/www.silutesnaujienos.lt\/lt","author_name":"\u0160ilut\u0117s naujien\u0173 inf.","author_url":"https:\/\/www.silutesnaujienos.lt\/lt\/author\/ruta\/","title":"\u0160ilut\u0117s PSPC steb\u0117toj\u0173 taryba laukia teisinink\u0173 i\u0161vad\u0173 - \u0160ilut\u0117s naujienos","type":"rich","width":600,"height":338,"html":"<blockquote class=\"wp-embedded-content\" data-secret=\"MjMjidIWGU\"><a href=\"https:\/\/www.silutesnaujienos.lt\/lt\/silutes-pspc-stebetoju-taryba-laukia-teisininku-isvadu\/\">\u0160ilut\u0117s PSPC steb\u0117toj\u0173 taryba laukia teisinink\u0173 i\u0161vad\u0173<\/a><\/blockquote><iframe sandbox=\"allow-scripts\" security=\"restricted\" src=\"https:\/\/www.silutesnaujienos.lt\/lt\/silutes-pspc-stebetoju-taryba-laukia-teisininku-isvadu\/embed\/#?secret=MjMjidIWGU\" width=\"600\" height=\"338\" title=\"&#8220;\u0160ilut\u0117s PSPC steb\u0117toj\u0173 taryba laukia teisinink\u0173 i\u0161vad\u0173&#8221; &#8212; \u0160ilut\u0117s naujienos\" data-secret=\"MjMjidIWGU\" frameborder=\"0\" marginwidth=\"0\" marginheight=\"0\" scrolling=\"no\" class=\"wp-embedded-content\"><\/iframe><script>\n\/*! This file is auto-generated *\/\n!function(d,l){\"use strict\";l.querySelector&&d.addEventListener&&\"undefined\"!=typeof URL&&(d.wp=d.wp||{},d.wp.receiveEmbedMessage||(d.wp.receiveEmbedMessage=function(e){var t=e.data;if((t||t.secret||t.message||t.value)&&!\/[^a-zA-Z0-9]\/.test(t.secret)){for(var s,r,n,a=l.querySelectorAll('iframe[data-secret=\"'+t.secret+'\"]'),o=l.querySelectorAll('blockquote[data-secret=\"'+t.secret+'\"]'),c=new RegExp(\"^https?:$\",\"i\"),i=0;i<o.length;i++)o[i].style.display=\"none\";for(i=0;i<a.length;i++)s=a[i],e.source===s.contentWindow&&(s.removeAttribute(\"style\"),\"height\"===t.message?(1e3<(r=parseInt(t.value,10))?r=1e3:~~r<200&&(r=200),s.height=r):\"link\"===t.message&&(r=new URL(s.getAttribute(\"src\")),n=new URL(t.value),c.test(n.protocol))&&n.host===r.host&&l.activeElement===s&&(d.top.location.href=t.value))}},d.addEventListener(\"message\",d.wp.receiveEmbedMessage,!1),l.addEventListener(\"DOMContentLoaded\",function(){for(var e,t,s=l.querySelectorAll(\"iframe.wp-embedded-content\"),r=0;r<s.length;r++)(t=(e=s[r]).getAttribute(\"data-secret\"))||(t=Math.random().toString(36).substring(2,12),e.src+=\"#?secret=\"+t,e.setAttribute(\"data-secret\",t)),e.contentWindow.postMessage({message:\"ready\",secret:t},\"*\")},!1)))}(window,document);\n\/\/# sourceURL=https:\/\/www.silutesnaujienos.lt\/lt\/wp-includes\/js\/wp-embed.min.js\n<\/script>\n","description":"\u00a0 \u0160ilut\u0117s rajono savivaldyb\u0117s vadovai jau atvirai kalba apie V\u0161\u012e \u0160ilut\u0117s pirmin\u0117s sveikatos prie\u017ei\u016bros centro (PSPC) reorganizavim\u0105, prijungiant \u0161i\u0105 \u012fstaig\u0105 prie savivaldyb\u0117s valdomos V\u0161\u012e \u0160ilut\u0117s ligonin\u0117s. \u012e \u0161i\u0173 met\u0173 paskutinio savivaldyb\u0117s Tarybos pos\u0117d\u017eio dienotvark\u0119 jau \u012fra\u0161ytas klausimas apie \u0161i\u0105 reorganizacij\u0105.Tik PSPC steb\u0117toj\u0173 taryba abejoja, ar tokia reorganizacija yra \u012fmanoma, nes n\u0117ra gavusi joki\u0173 teisini\u0173 dokument\u0173, [&hellip;]","thumbnail_url":"\/\/silutesnaujienos.lt\/images\/stories\/2015\/GRUODIS\/15\/thumbnails\/thumb_PSPC_1.jpg"}