{"version":"1.0","provider_name":"\u0160ilut\u0117s naujienos","provider_url":"https:\/\/www.silutesnaujienos.lt\/lt","author_name":"\u0160ilut\u0117s naujien\u0173 inf.","author_url":"https:\/\/www.silutesnaujienos.lt\/lt\/author\/ruta\/","title":"\u0160ilut\u0117s rajono vald\u017eia varsto ministr\u0173 duris - \u0160ilut\u0117s naujienos","type":"rich","width":600,"height":338,"html":"<blockquote class=\"wp-embedded-content\" data-secret=\"y5XrPnLWaQ\"><a href=\"https:\/\/www.silutesnaujienos.lt\/lt\/silutes-rajono-valdzia-varsto-ministru-duris\/\">\u0160ilut\u0117s rajono vald\u017eia varsto ministr\u0173 duris<\/a><\/blockquote><iframe sandbox=\"allow-scripts\" security=\"restricted\" src=\"https:\/\/www.silutesnaujienos.lt\/lt\/silutes-rajono-valdzia-varsto-ministru-duris\/embed\/#?secret=y5XrPnLWaQ\" width=\"600\" height=\"338\" title=\"&#8220;\u0160ilut\u0117s rajono vald\u017eia varsto ministr\u0173 duris&#8221; &#8212; \u0160ilut\u0117s naujienos\" data-secret=\"y5XrPnLWaQ\" frameborder=\"0\" marginwidth=\"0\" marginheight=\"0\" scrolling=\"no\" class=\"wp-embedded-content\"><\/iframe><script>\n\/*! This file is auto-generated *\/\n!function(d,l){\"use strict\";l.querySelector&&d.addEventListener&&\"undefined\"!=typeof URL&&(d.wp=d.wp||{},d.wp.receiveEmbedMessage||(d.wp.receiveEmbedMessage=function(e){var t=e.data;if((t||t.secret||t.message||t.value)&&!\/[^a-zA-Z0-9]\/.test(t.secret)){for(var s,r,n,a=l.querySelectorAll('iframe[data-secret=\"'+t.secret+'\"]'),o=l.querySelectorAll('blockquote[data-secret=\"'+t.secret+'\"]'),c=new RegExp(\"^https?:$\",\"i\"),i=0;i<o.length;i++)o[i].style.display=\"none\";for(i=0;i<a.length;i++)s=a[i],e.source===s.contentWindow&&(s.removeAttribute(\"style\"),\"height\"===t.message?(1e3<(r=parseInt(t.value,10))?r=1e3:~~r<200&&(r=200),s.height=r):\"link\"===t.message&&(r=new URL(s.getAttribute(\"src\")),n=new URL(t.value),c.test(n.protocol))&&n.host===r.host&&l.activeElement===s&&(d.top.location.href=t.value))}},d.addEventListener(\"message\",d.wp.receiveEmbedMessage,!1),l.addEventListener(\"DOMContentLoaded\",function(){for(var e,t,s=l.querySelectorAll(\"iframe.wp-embedded-content\"),r=0;r<s.length;r++)(t=(e=s[r]).getAttribute(\"data-secret\"))||(t=Math.random().toString(36).substring(2,12),e.src+=\"#?secret=\"+t,e.setAttribute(\"data-secret\",t)),e.contentWindow.postMessage({message:\"ready\",secret:t},\"*\")},!1)))}(window,document);\n\/\/# sourceURL=https:\/\/www.silutesnaujienos.lt\/lt\/wp-includes\/js\/wp-embed.min.js\n<\/script>\n","description":"\u0160ilut\u0117s rajono savivaldyb\u0117 gali pretenduoti \u012f valstyb\u0117s ne\u012fgyvendint\u0173 investicini\u0173 projekt\u0173 liku\u010dius. Toki\u0105 \u017eini\u0105 parsive\u017e\u0117 m\u016bs\u0173 rajono mer\u0117 Daiva \u017debelien\u0117 su pavaduotoju Algirdu Bal\u010dy\u010diu bei savivaldyb\u0117s administracijos direktoriumi Raimundu Ambrozai\u010diu sugr\u012f\u017e\u0119 i\u0161 vie\u0161nag\u0117s Vilniuje, kur aplank\u0117 naujos kadencijos Vyriausyb\u0117s vadovus, ministrus ir Seimo narius. Susitikimus su ministru pirmininku Algirdu Butkevi\u010diumi, \u016bkio ministre Birute V\u0117saite, aplinkos viceministru [&hellip;]","thumbnail_url":"\/\/silutesnaujienos.lt\/images\/stories\/2013\/01\/22\/thumbnails\/thumb_estakada_mmaketas.jpg"}