{"version":"1.0","provider_name":"\u0160ilut\u0117s naujienos","provider_url":"https:\/\/www.silutesnaujienos.lt\/lt","author_name":"\u0160ilut\u0117s naujien\u0173 inf.","author_url":"https:\/\/www.silutesnaujienos.lt\/lt\/author\/ruta\/","title":"Skal\u016bn\u0173 duj\u0173 \u017evalgybos prie\u0161ininkai protestuoja prie Seimo - \u0160ilut\u0117s naujienos","type":"rich","width":600,"height":338,"html":"<blockquote class=\"wp-embedded-content\" data-secret=\"9JtyrSUtZn\"><a href=\"https:\/\/www.silutesnaujienos.lt\/lt\/skalunu-duju-zvalgybos-priesininkai-protestuoja-prie-seimo\/\">Skal\u016bn\u0173 duj\u0173 \u017evalgybos prie\u0161ininkai protestuoja prie Seimo<\/a><\/blockquote><iframe sandbox=\"allow-scripts\" security=\"restricted\" src=\"https:\/\/www.silutesnaujienos.lt\/lt\/skalunu-duju-zvalgybos-priesininkai-protestuoja-prie-seimo\/embed\/#?secret=9JtyrSUtZn\" width=\"600\" height=\"338\" title=\"&#8220;Skal\u016bn\u0173 duj\u0173 \u017evalgybos prie\u0161ininkai protestuoja prie Seimo&#8221; &#8212; \u0160ilut\u0117s naujienos\" data-secret=\"9JtyrSUtZn\" frameborder=\"0\" marginwidth=\"0\" marginheight=\"0\" scrolling=\"no\" class=\"wp-embedded-content\"><\/iframe><script>\n\/*! This file is auto-generated *\/\n!function(d,l){\"use strict\";l.querySelector&&d.addEventListener&&\"undefined\"!=typeof URL&&(d.wp=d.wp||{},d.wp.receiveEmbedMessage||(d.wp.receiveEmbedMessage=function(e){var t=e.data;if((t||t.secret||t.message||t.value)&&!\/[^a-zA-Z0-9]\/.test(t.secret)){for(var s,r,n,a=l.querySelectorAll('iframe[data-secret=\"'+t.secret+'\"]'),o=l.querySelectorAll('blockquote[data-secret=\"'+t.secret+'\"]'),c=new RegExp(\"^https?:$\",\"i\"),i=0;i<o.length;i++)o[i].style.display=\"none\";for(i=0;i<a.length;i++)s=a[i],e.source===s.contentWindow&&(s.removeAttribute(\"style\"),\"height\"===t.message?(1e3<(r=parseInt(t.value,10))?r=1e3:~~r<200&&(r=200),s.height=r):\"link\"===t.message&&(r=new URL(s.getAttribute(\"src\")),n=new URL(t.value),c.test(n.protocol))&&n.host===r.host&&l.activeElement===s&&(d.top.location.href=t.value))}},d.addEventListener(\"message\",d.wp.receiveEmbedMessage,!1),l.addEventListener(\"DOMContentLoaded\",function(){for(var e,t,s=l.querySelectorAll(\"iframe.wp-embedded-content\"),r=0;r<s.length;r++)(t=(e=s[r]).getAttribute(\"data-secret\"))||(t=Math.random().toString(36).substring(2,12),e.src+=\"#?secret=\"+t,e.setAttribute(\"data-secret\",t)),e.contentWindow.postMessage({message:\"ready\",secret:t},\"*\")},!1)))}(window,document);\n\/\/# sourceURL=https:\/\/www.silutesnaujienos.lt\/lt\/wp-includes\/js\/wp-embed.min.js\n<\/script>\n","description":"Skal\u016bn\u0173 duj\u0173 \u017evalgybos prie\u0161ininkai tre\u010diadien\u012f prie Seimo reng\u0117 akcij\u0105 &#8222;Vanduo &#8211; Lietuvos auksas. Neleiskime u\u017eter\u0161ti&#8221;. Prie protesto akcijos ragino prisijungti ir Kint\u0173 bendruomen\u0117. &#8222;Kvie\u010diame i\u0161reik\u0161ti pilietin\u0119 vali\u0105 pasakydami &#8222;Ne genocidui&#8221;. Tik vie\u0161umas gali sustabdyti lobist\u0173 planus Lietuv\u0105 padaryti atliek\u0173 s\u0105vartynu&#8221;, &#8211; ra\u0161oma bendruomen\u0117s prane\u0161ime. Taip pat raginama internete pasira\u0161yti peticij\u0105 prie\u0161 duj\u0173 i\u0161gavim\u0105 Lietuvoje. &#8222;Taurag\u0117s, [&hellip;]","thumbnail_url":"\/\/silutesnaujienos.lt\/images\/stories\/2013\/02\/05\/thumbnails\/thumb_0002-4682435_00G70I.jpeg"}