{"version":"1.0","provider_name":"\u0160ilut\u0117s naujienos","provider_url":"https:\/\/www.silutesnaujienos.lt\/lt","author_name":"\u0160ilut\u0117s naujien\u0173 inf.","author_url":"https:\/\/www.silutesnaujienos.lt\/lt\/author\/ruta\/","title":"Skaud\u017eias tremties dienas min\u0117jo vis\u0173 seni\u016bnij\u0173 gyventojai - \u0160ilut\u0117s naujienos","type":"rich","width":600,"height":338,"html":"<blockquote class=\"wp-embedded-content\" data-secret=\"YNLiwJdryv\"><a href=\"https:\/\/www.silutesnaujienos.lt\/lt\/skaudzias-tremties-dienas-minejo-visu-seniuniju-gyventojai\/\">Skaud\u017eias tremties dienas min\u0117jo vis\u0173 seni\u016bnij\u0173 gyventojai<\/a><\/blockquote><iframe sandbox=\"allow-scripts\" security=\"restricted\" src=\"https:\/\/www.silutesnaujienos.lt\/lt\/skaudzias-tremties-dienas-minejo-visu-seniuniju-gyventojai\/embed\/#?secret=YNLiwJdryv\" width=\"600\" height=\"338\" title=\"&#8220;Skaud\u017eias tremties dienas min\u0117jo vis\u0173 seni\u016bnij\u0173 gyventojai&#8221; &#8212; \u0160ilut\u0117s naujienos\" data-secret=\"YNLiwJdryv\" frameborder=\"0\" marginwidth=\"0\" marginheight=\"0\" scrolling=\"no\" class=\"wp-embedded-content\"><\/iframe><script>\n\/*! This file is auto-generated *\/\n!function(d,l){\"use strict\";l.querySelector&&d.addEventListener&&\"undefined\"!=typeof URL&&(d.wp=d.wp||{},d.wp.receiveEmbedMessage||(d.wp.receiveEmbedMessage=function(e){var t=e.data;if((t||t.secret||t.message||t.value)&&!\/[^a-zA-Z0-9]\/.test(t.secret)){for(var s,r,n,a=l.querySelectorAll('iframe[data-secret=\"'+t.secret+'\"]'),o=l.querySelectorAll('blockquote[data-secret=\"'+t.secret+'\"]'),c=new RegExp(\"^https?:$\",\"i\"),i=0;i<o.length;i++)o[i].style.display=\"none\";for(i=0;i<a.length;i++)s=a[i],e.source===s.contentWindow&&(s.removeAttribute(\"style\"),\"height\"===t.message?(1e3<(r=parseInt(t.value,10))?r=1e3:~~r<200&&(r=200),s.height=r):\"link\"===t.message&&(r=new URL(s.getAttribute(\"src\")),n=new URL(t.value),c.test(n.protocol))&&n.host===r.host&&l.activeElement===s&&(d.top.location.href=t.value))}},d.addEventListener(\"message\",d.wp.receiveEmbedMessage,!1),l.addEventListener(\"DOMContentLoaded\",function(){for(var e,t,s=l.querySelectorAll(\"iframe.wp-embedded-content\"),r=0;r<s.length;r++)(t=(e=s[r]).getAttribute(\"data-secret\"))||(t=Math.random().toString(36).substring(2,12),e.src+=\"#?secret=\"+t,e.setAttribute(\"data-secret\",t)),e.contentWindow.postMessage({message:\"ready\",secret:t},\"*\")},!1)))}(window,document);\n\/\/# sourceURL=https:\/\/www.silutesnaujienos.lt\/lt\/wp-includes\/js\/wp-embed.min.js\n<\/script>\n","description":"76-\u0105sias g\u016bd\u017eios 1941-\u0173j\u0173 bir\u017eelio 14-osios metines tre\u010diadien\u012f pamin\u0117jo ir \u0160ilut\u0117s bei daugelio rajono seni\u016bnij\u0173 gyventojai.\u0160ilut\u0117s politini\u0173 kalini\u0173 ir tremtini\u0173 s\u0105jungos nariai, lydimi savivaldyb\u0117s vadov\u0173 bei kit\u0173 \u0161iluti\u0161ki\u0173, Gedulo ir vilties dien\u0105, kaip ir kasmet, susirinko Macikuose, buvusio lagerio auk\u0173 kapinait\u0117se. 2009 metais sovietinio re\u017eimo politini\u0173 kalini\u0173 ir tremtini\u0173 iniciatyva \u0161iose kapinait\u0117se buvo pastatytas did\u017eiulis kry\u017eius [&hellip;]","thumbnail_url":"\/\/silutesnaujienos.lt\/images\/stories\/2017\/06\/16\/thumbnails\/thumb_gedulo_Macikai.jpg"}