{"version":"1.0","provider_name":"\u0160ilut\u0117s naujienos","provider_url":"https:\/\/www.silutesnaujienos.lt\/lt","author_name":"\u0160ilut\u0117s naujien\u0173 inf.","author_url":"https:\/\/www.silutesnaujienos.lt\/lt\/author\/vadas\/","title":"Traks\u0117d\u017eiai pamin\u0117jo savo 390 met\u0173 istorij\u0105 - \u0160ilut\u0117s naujienos","type":"rich","width":600,"height":338,"html":"<blockquote class=\"wp-embedded-content\" data-secret=\"CnjOjrTWyc\"><a href=\"https:\/\/www.silutesnaujienos.lt\/lt\/traksedziai-paminejo-savo-390-metu-istorija\/\">Traks\u0117d\u017eiai pamin\u0117jo savo 390 met\u0173 istorij\u0105<\/a><\/blockquote><iframe sandbox=\"allow-scripts\" security=\"restricted\" src=\"https:\/\/www.silutesnaujienos.lt\/lt\/traksedziai-paminejo-savo-390-metu-istorija\/embed\/#?secret=CnjOjrTWyc\" width=\"600\" height=\"338\" title=\"&#8220;Traks\u0117d\u017eiai pamin\u0117jo savo 390 met\u0173 istorij\u0105&#8221; &#8212; \u0160ilut\u0117s naujienos\" data-secret=\"CnjOjrTWyc\" frameborder=\"0\" marginwidth=\"0\" marginheight=\"0\" scrolling=\"no\" class=\"wp-embedded-content\"><\/iframe><script>\n\/*! This file is auto-generated *\/\n!function(d,l){\"use strict\";l.querySelector&&d.addEventListener&&\"undefined\"!=typeof URL&&(d.wp=d.wp||{},d.wp.receiveEmbedMessage||(d.wp.receiveEmbedMessage=function(e){var t=e.data;if((t||t.secret||t.message||t.value)&&!\/[^a-zA-Z0-9]\/.test(t.secret)){for(var s,r,n,a=l.querySelectorAll('iframe[data-secret=\"'+t.secret+'\"]'),o=l.querySelectorAll('blockquote[data-secret=\"'+t.secret+'\"]'),c=new RegExp(\"^https?:$\",\"i\"),i=0;i<o.length;i++)o[i].style.display=\"none\";for(i=0;i<a.length;i++)s=a[i],e.source===s.contentWindow&&(s.removeAttribute(\"style\"),\"height\"===t.message?(1e3<(r=parseInt(t.value,10))?r=1e3:~~r<200&&(r=200),s.height=r):\"link\"===t.message&&(r=new URL(s.getAttribute(\"src\")),n=new URL(t.value),c.test(n.protocol))&&n.host===r.host&&l.activeElement===s&&(d.top.location.href=t.value))}},d.addEventListener(\"message\",d.wp.receiveEmbedMessage,!1),l.addEventListener(\"DOMContentLoaded\",function(){for(var e,t,s=l.querySelectorAll(\"iframe.wp-embedded-content\"),r=0;r<s.length;r++)(t=(e=s[r]).getAttribute(\"data-secret\"))||(t=Math.random().toString(36).substring(2,12),e.src+=\"#?secret=\"+t,e.setAttribute(\"data-secret\",t)),e.contentWindow.postMessage({message:\"ready\",secret:t},\"*\")},!1)))}(window,document);\n\/\/# sourceURL=https:\/\/www.silutesnaujienos.lt\/lt\/wp-includes\/js\/wp-embed.min.js\n<\/script>\n","thumbnail_url":"https:\/\/www.silutesnaujienos.lt\/lt\/wp-content\/uploads\/2026\/09\/Traksedziu-3-e1788346241648.jpg","thumbnail_width":2048,"thumbnail_height":1294,"description":"Lietus nei\u0161g\u0105sdino Traks\u0117di\u0161kiai jau nuo seno \u017eino, kad lietus da\u017enai aplenkia j\u0173 kaim\u0105, nes \u0161alia esantis durpynas, kaip senoliai sakydavo, tarsi apsaugo juos nuo lietaus. Tod\u0117l j\u0173 nei\u0161g\u0105sdino ir \u0161vent\u0117s dien\u0105 u\u017eeinantis lietus, visi b\u016breliais trauk\u0117 \u012f kaimo \u0161vent\u0119. Asociacijos \u201eTraks\u0117d\u017ei\u0173 viltis\u201c pirminink\u0117 Valerija Daukantien\u0117\u00a0 suskubo pasveikinti gausiai susirinkusius vietinius ir sve\u010dius su istoriniu kaimo [&hellip;]"}