{"version":"1.0","provider_name":"\u0160ilut\u0117s naujienos","provider_url":"https:\/\/www.silutesnaujienos.lt\/lt","author_name":"\u0160ilut\u0117s naujien\u0173 inf.","author_url":"https:\/\/www.silutesnaujienos.lt\/lt\/author\/ruta\/","title":"Vaik\u0173 mityba dar\u017eeliuose ir mokyklose t\u0117vai nesiskund\u017eia - \u0160ilut\u0117s naujienos","type":"rich","width":600,"height":338,"html":"<blockquote class=\"wp-embedded-content\" data-secret=\"ThMY6Z9uWi\"><a href=\"https:\/\/www.silutesnaujienos.lt\/lt\/vaiku-mityba-darzeliuose-ir-mokyklose-tevai-nesiskundzia\/\">Vaik\u0173 mityba dar\u017eeliuose ir mokyklose t\u0117vai nesiskund\u017eia<\/a><\/blockquote><iframe sandbox=\"allow-scripts\" security=\"restricted\" src=\"https:\/\/www.silutesnaujienos.lt\/lt\/vaiku-mityba-darzeliuose-ir-mokyklose-tevai-nesiskundzia\/embed\/#?secret=ThMY6Z9uWi\" width=\"600\" height=\"338\" title=\"&#8220;Vaik\u0173 mityba dar\u017eeliuose ir mokyklose t\u0117vai nesiskund\u017eia&#8221; &#8212; \u0160ilut\u0117s naujienos\" data-secret=\"ThMY6Z9uWi\" frameborder=\"0\" marginwidth=\"0\" marginheight=\"0\" scrolling=\"no\" class=\"wp-embedded-content\"><\/iframe><script>\n\/*! This file is auto-generated *\/\n!function(d,l){\"use strict\";l.querySelector&&d.addEventListener&&\"undefined\"!=typeof URL&&(d.wp=d.wp||{},d.wp.receiveEmbedMessage||(d.wp.receiveEmbedMessage=function(e){var t=e.data;if((t||t.secret||t.message||t.value)&&!\/[^a-zA-Z0-9]\/.test(t.secret)){for(var s,r,n,a=l.querySelectorAll('iframe[data-secret=\"'+t.secret+'\"]'),o=l.querySelectorAll('blockquote[data-secret=\"'+t.secret+'\"]'),c=new RegExp(\"^https?:$\",\"i\"),i=0;i<o.length;i++)o[i].style.display=\"none\";for(i=0;i<a.length;i++)s=a[i],e.source===s.contentWindow&&(s.removeAttribute(\"style\"),\"height\"===t.message?(1e3<(r=parseInt(t.value,10))?r=1e3:~~r<200&&(r=200),s.height=r):\"link\"===t.message&&(r=new URL(s.getAttribute(\"src\")),n=new URL(t.value),c.test(n.protocol))&&n.host===r.host&&l.activeElement===s&&(d.top.location.href=t.value))}},d.addEventListener(\"message\",d.wp.receiveEmbedMessage,!1),l.addEventListener(\"DOMContentLoaded\",function(){for(var e,t,s=l.querySelectorAll(\"iframe.wp-embedded-content\"),r=0;r<s.length;r++)(t=(e=s[r]).getAttribute(\"data-secret\"))||(t=Math.random().toString(36).substring(2,12),e.src+=\"#?secret=\"+t,e.setAttribute(\"data-secret\",t)),e.contentWindow.postMessage({message:\"ready\",secret:t},\"*\")},!1)))}(window,document);\n\/\/# sourceURL=https:\/\/www.silutesnaujienos.lt\/lt\/wp-includes\/js\/wp-embed.min.js\n<\/script>\n","description":"Pasaulio sveikatos organizacijos atliktais tyrimais nustatyta, kad vaiko sveikos mitybos \u012fpro\u010diai susiformuoja iki trej\u0173 met\u0173, ta\u010diau ir mokykliniame am\u017eiuje juos galima pakoreguoti, tod\u0117l vaikus b\u016btina skatinti maitintis sveikai. \u0160ilut\u0117s r. savivaldyb\u0117s Visuomen\u0117s sveikatos biuro surengtoje konferencijoje \u201eSveika gyvensena &#8211; visaver\u010diam rytojui\u201c vaik\u0173 maitinimo valgiara\u0161\u010dius ugdymo \u012fstaigose prista\u010diusi Klaip\u0117dos visuomen\u0117s sveikatos centro \u0160ilut\u0117s skyriaus vyriausioji specialist\u0117 [&hellip;]","thumbnail_url":"\/\/silutesnaujienos.lt\/images\/stories\/2012\/11\/19\/thumbnails\/thumb_vaiku_maitinimas_jurjoniene_copy.jpg"}