{"version":"1.0","provider_name":"\u0160ilut\u0117s naujienos","provider_url":"https:\/\/www.silutesnaujienos.lt\/lt","author_name":"\u0160ilut\u0117s naujien\u0173 inf.","author_url":"https:\/\/www.silutesnaujienos.lt\/lt\/author\/ruta\/","title":"Vicemerui A.Bal\u010dy\u010diui pabodo visuomenin\u0117s pareigos? - \u0160ilut\u0117s naujienos","type":"rich","width":600,"height":338,"html":"<blockquote class=\"wp-embedded-content\" data-secret=\"bhr15JJWVN\"><a href=\"https:\/\/www.silutesnaujienos.lt\/lt\/vicemerui-a-balcyciui-pabodo-visuomenines-pareigos\/\">Vicemerui A.Bal\u010dy\u010diui pabodo visuomenin\u0117s pareigos?<\/a><\/blockquote><iframe sandbox=\"allow-scripts\" security=\"restricted\" src=\"https:\/\/www.silutesnaujienos.lt\/lt\/vicemerui-a-balcyciui-pabodo-visuomenines-pareigos\/embed\/#?secret=bhr15JJWVN\" width=\"600\" height=\"338\" title=\"&#8220;Vicemerui A.Bal\u010dy\u010diui pabodo visuomenin\u0117s pareigos?&#8221; &#8212; \u0160ilut\u0117s naujienos\" data-secret=\"bhr15JJWVN\" frameborder=\"0\" marginwidth=\"0\" marginheight=\"0\" scrolling=\"no\" class=\"wp-embedded-content\"><\/iframe><script>\n\/*! This file is auto-generated *\/\n!function(d,l){\"use strict\";l.querySelector&&d.addEventListener&&\"undefined\"!=typeof URL&&(d.wp=d.wp||{},d.wp.receiveEmbedMessage||(d.wp.receiveEmbedMessage=function(e){var t=e.data;if((t||t.secret||t.message||t.value)&&!\/[^a-zA-Z0-9]\/.test(t.secret)){for(var s,r,n,a=l.querySelectorAll('iframe[data-secret=\"'+t.secret+'\"]'),o=l.querySelectorAll('blockquote[data-secret=\"'+t.secret+'\"]'),c=new RegExp(\"^https?:$\",\"i\"),i=0;i<o.length;i++)o[i].style.display=\"none\";for(i=0;i<a.length;i++)s=a[i],e.source===s.contentWindow&&(s.removeAttribute(\"style\"),\"height\"===t.message?(1e3<(r=parseInt(t.value,10))?r=1e3:~~r<200&&(r=200),s.height=r):\"link\"===t.message&&(r=new URL(s.getAttribute(\"src\")),n=new URL(t.value),c.test(n.protocol))&&n.host===r.host&&l.activeElement===s&&(d.top.location.href=t.value))}},d.addEventListener(\"message\",d.wp.receiveEmbedMessage,!1),l.addEventListener(\"DOMContentLoaded\",function(){for(var e,t,s=l.querySelectorAll(\"iframe.wp-embedded-content\"),r=0;r<s.length;r++)(t=(e=s[r]).getAttribute(\"data-secret\"))||(t=Math.random().toString(36).substring(2,12),e.src+=\"#?secret=\"+t,e.setAttribute(\"data-secret\",t)),e.contentWindow.postMessage({message:\"ready\",secret:t},\"*\")},!1)))}(window,document);\n\/\/# sourceURL=https:\/\/www.silutesnaujienos.lt\/lt\/wp-includes\/js\/wp-embed.min.js\n<\/script>\n","description":"Gal ir per anksti rajono mer\u0117 Daiva \u017debelien\u0117 pasid\u017eiaug\u0117, kad jos vadovaujamos rajono Tarybos vadovyb\u0117 daugiau nei perpus pigesn\u0117 u\u017e buvusio mero Virgilijaus Pozingio komand\u0105. Apie tai \u201e\u0160ilut\u0117s naujienos\u201c ra\u0161\u0117 sausio 11 d. straipsnyje \u201ePabrango ar atpigo m\u016bs\u0173 vald\u017eia\u201c. Pra\u0117jusi\u0173 met\u0173 bir\u017eelio m\u0117nes\u012f rajono vald\u017ei\u0105 per\u0117musi D.\u017debelien\u0117 su koalicijos partneriais buvo pasiskelbusi, kad jos pavaduotojai [&hellip;]","thumbnail_url":"\/\/silutesnaujienos.lt\/images\/stories\/2013\/01\/18\/thumbnails\/thumb_vicemeras_balcytis.jpg"}