{"version":"1.0","provider_name":"\u0160ilut\u0117s naujienos","provider_url":"https:\/\/www.silutesnaujienos.lt\/lt","author_name":"\u0160ilut\u0117s naujien\u0173 inf.","author_url":"https:\/\/www.silutesnaujienos.lt\/lt\/author\/ruta\/","title":"Vie\u0161umoje pasirod\u0117 Seimo nario A.Skard\u017eiaus pad\u0117j\u0117ja - \u0160ilut\u0117s naujienos","type":"rich","width":600,"height":338,"html":"<blockquote class=\"wp-embedded-content\" data-secret=\"6JpRK0nuSk\"><a href=\"https:\/\/www.silutesnaujienos.lt\/lt\/viesumoje-pasirode-seimo-nario-a-skardziaus-padejeja\/\">Vie\u0161umoje pasirod\u0117 Seimo nario A.Skard\u017eiaus pad\u0117j\u0117ja<\/a><\/blockquote><iframe sandbox=\"allow-scripts\" security=\"restricted\" src=\"https:\/\/www.silutesnaujienos.lt\/lt\/viesumoje-pasirode-seimo-nario-a-skardziaus-padejeja\/embed\/#?secret=6JpRK0nuSk\" width=\"600\" height=\"338\" title=\"&#8220;Vie\u0161umoje pasirod\u0117 Seimo nario A.Skard\u017eiaus pad\u0117j\u0117ja&#8221; &#8212; \u0160ilut\u0117s naujienos\" data-secret=\"6JpRK0nuSk\" frameborder=\"0\" marginwidth=\"0\" marginheight=\"0\" scrolling=\"no\" class=\"wp-embedded-content\"><\/iframe><script>\n\/*! This file is auto-generated *\/\n!function(d,l){\"use strict\";l.querySelector&&d.addEventListener&&\"undefined\"!=typeof URL&&(d.wp=d.wp||{},d.wp.receiveEmbedMessage||(d.wp.receiveEmbedMessage=function(e){var t=e.data;if((t||t.secret||t.message||t.value)&&!\/[^a-zA-Z0-9]\/.test(t.secret)){for(var s,r,n,a=l.querySelectorAll('iframe[data-secret=\"'+t.secret+'\"]'),o=l.querySelectorAll('blockquote[data-secret=\"'+t.secret+'\"]'),c=new RegExp(\"^https?:$\",\"i\"),i=0;i<o.length;i++)o[i].style.display=\"none\";for(i=0;i<a.length;i++)s=a[i],e.source===s.contentWindow&&(s.removeAttribute(\"style\"),\"height\"===t.message?(1e3<(r=parseInt(t.value,10))?r=1e3:~~r<200&&(r=200),s.height=r):\"link\"===t.message&&(r=new URL(s.getAttribute(\"src\")),n=new URL(t.value),c.test(n.protocol))&&n.host===r.host&&l.activeElement===s&&(d.top.location.href=t.value))}},d.addEventListener(\"message\",d.wp.receiveEmbedMessage,!1),l.addEventListener(\"DOMContentLoaded\",function(){for(var e,t,s=l.querySelectorAll(\"iframe.wp-embedded-content\"),r=0;r<s.length;r++)(t=(e=s[r]).getAttribute(\"data-secret\"))||(t=Math.random().toString(36).substring(2,12),e.src+=\"#?secret=\"+t,e.setAttribute(\"data-secret\",t)),e.contentWindow.postMessage({message:\"ready\",secret:t},\"*\")},!1)))}(window,document);\n\/\/# sourceURL=https:\/\/www.silutesnaujienos.lt\/lt\/wp-includes\/js\/wp-embed.min.js\n<\/script>\n","description":"Pra\u0117jus\u012f ketvirtadien\u012f rajono Tarybos pos\u0117d\u012f steb\u0117jo niekam neprisista\u010diusi \u0161iluti\u0161k\u0117 Vilma Stungurien\u0117. \u201e\u0160ilut\u0117s naujienoms\u201c pavyko i\u0161siai\u0161kinti, kad ji yra iki \u0161iol paslaptyje laikyta Seimo nario Art\u016bro Skard\u017eiaus pad\u0117j\u0117ja. M\u016bs\u0173 kra\u0161te i\u0161rinktas Seimo narys A.Skard\u017eius ir pats nebeu\u017esuka \u012f \u0160ilut\u0119, ir rink\u0117jams delsia pristatyti savo pad\u0117j\u0117j\u0105, kuri dirbs \u0160ilut\u0117je. \u201e\u0160ilut\u0117s naujien\u0173\u201c \u017einiomis, Socialdemokrat\u0173 partijos \u0160ilut\u0117s skyriaus vadovai [&hellip;]","thumbnail_url":"\/\/silutesnaujienos.lt\/images\/stories\/2013\/02\/05\/thumbnails\/thumb_STUNGURIENE_2.jpg"}