{"version":"1.0","provider_name":"\u0160ilut\u0117s naujienos","provider_url":"https:\/\/www.silutesnaujienos.lt\/lt","author_name":"\u0160ilut\u0117s naujien\u0173 inf.","author_url":"https:\/\/www.silutesnaujienos.lt\/lt\/author\/ruta\/","title":"\u017duvininkyst\u0117s mokymo centras jau turi laiv\u0105 ir \u012frang\u0105 - \u0160ilut\u0117s naujienos","type":"rich","width":600,"height":338,"html":"<blockquote class=\"wp-embedded-content\" data-secret=\"dEdpuaQxQD\"><a href=\"https:\/\/www.silutesnaujienos.lt\/lt\/zuvininkystes-mokymo-centras-jau-turi-laiva-ir-iranga\/\">\u017duvininkyst\u0117s mokymo centras jau turi laiv\u0105 ir \u012frang\u0105<\/a><\/blockquote><iframe sandbox=\"allow-scripts\" security=\"restricted\" src=\"https:\/\/www.silutesnaujienos.lt\/lt\/zuvininkystes-mokymo-centras-jau-turi-laiva-ir-iranga\/embed\/#?secret=dEdpuaQxQD\" width=\"600\" height=\"338\" title=\"&#8220;\u017duvininkyst\u0117s mokymo centras jau turi laiv\u0105 ir \u012frang\u0105&#8221; &#8212; \u0160ilut\u0117s naujienos\" data-secret=\"dEdpuaQxQD\" frameborder=\"0\" marginwidth=\"0\" marginheight=\"0\" scrolling=\"no\" class=\"wp-embedded-content\"><\/iframe><script>\n\/*! This file is auto-generated *\/\n!function(d,l){\"use strict\";l.querySelector&&d.addEventListener&&\"undefined\"!=typeof URL&&(d.wp=d.wp||{},d.wp.receiveEmbedMessage||(d.wp.receiveEmbedMessage=function(e){var t=e.data;if((t||t.secret||t.message||t.value)&&!\/[^a-zA-Z0-9]\/.test(t.secret)){for(var s,r,n,a=l.querySelectorAll('iframe[data-secret=\"'+t.secret+'\"]'),o=l.querySelectorAll('blockquote[data-secret=\"'+t.secret+'\"]'),c=new RegExp(\"^https?:$\",\"i\"),i=0;i<o.length;i++)o[i].style.display=\"none\";for(i=0;i<a.length;i++)s=a[i],e.source===s.contentWindow&&(s.removeAttribute(\"style\"),\"height\"===t.message?(1e3<(r=parseInt(t.value,10))?r=1e3:~~r<200&&(r=200),s.height=r):\"link\"===t.message&&(r=new URL(s.getAttribute(\"src\")),n=new URL(t.value),c.test(n.protocol))&&n.host===r.host&&l.activeElement===s&&(d.top.location.href=t.value))}},d.addEventListener(\"message\",d.wp.receiveEmbedMessage,!1),l.addEventListener(\"DOMContentLoaded\",function(){for(var e,t,s=l.querySelectorAll(\"iframe.wp-embedded-content\"),r=0;r<s.length;r++)(t=(e=s[r]).getAttribute(\"data-secret\"))||(t=Math.random().toString(36).substring(2,12),e.src+=\"#?secret=\"+t,e.setAttribute(\"data-secret\",t)),e.contentWindow.postMessage({message:\"ready\",secret:t},\"*\")},!1)))}(window,document);\n\/\/# sourceURL=https:\/\/www.silutesnaujienos.lt\/lt\/wp-includes\/js\/wp-embed.min.js\n<\/script>\n","description":"Kiek daugiau nei metai liko iki to laiko, kuomet \u017demai\u010di\u0173 Naumiestyje duris atvers pirmasis Lietuvoje \u017euvininkyst\u0117s praktinio mokymo centras, kur\u012f \u012fkurti baigia \u0160ilut\u0117s \u017eem\u0117s \u016bkio mokykla (\u017d\u016aM). Projekt\u0105 parengusios \u017d\u016aM direktorius Algimantas Abromaitis ir projekto vadovas, architektas Antanas \u010cepys d\u017eiaugiasi, kad tokios naujov\u0117s \u012frengimas art\u0117ja \u012f pabaig\u0105. Jau pra\u0117jo vie\u0161\u0173j\u0173 pirkim\u0173 proced\u016bros, nupirkta reikalinga \u012franga, [&hellip;]","thumbnail_url":"\/\/silutesnaujienos.lt\/images\/stories\/2013\/02\/26\/thumbnails\/thumb_Vizualizacija.jpg"}